{"id":18,"date":"2012-03-07T22:32:52","date_gmt":"2012-03-07T22:32:52","guid":{"rendered":"https:\/\/www.mediation06.fr\/?page_id=18"},"modified":"2023-09-20T09:35:02","modified_gmt":"2023-09-20T09:35:02","slug":"la-mediation-familiale","status":"publish","type":"page","link":"https:\/\/www.mediation06.fr\/?page_id=18","title":{"rendered":"La M\u00e9diation Familiale"},"content":{"rendered":"<p>[et_pb_section fb_built=\u00a0\u00bb1&Prime; next_background_color=\u00a0\u00bb#ffffff\u00a0\u00bb _builder_version=\u00a0\u00bb4.21.0&Prime; _module_preset=\u00a0\u00bbdefault\u00a0\u00bb background_image=\u00a0\u00bbhttps:\/\/www.mediation06.fr\/wp-content\/uploads\/2023\/07\/cute-family-concept-arrangement-with-copy-space-scaled.jpg\u00a0\u00bb background_size=\u00a0\u00bbcustom\u00a0\u00bb background_image_width=\u00a0\u00bb100%\u00a0\u00bb custom_padding=\u00a0\u00bb89px||89px||true|false\u00a0\u00bb bottom_divider_style=\u00a0\u00bbwave2&Prime; animation_style=\u00a0\u00bbzoom\u00a0\u00bb global_colors_info=\u00a0\u00bb{}\u00a0\u00bb custom_margin=\u00a0\u00bb-38px|||||\u00a0\u00bb][et_pb_row _builder_version=\u00a0\u00bb4.16&Prime; _module_preset=\u00a0\u00bbdefault\u00a0\u00bb custom_margin=\u00a0\u00bb-13px|auto||auto||\u00a0\u00bb global_colors_info=\u00a0\u00bb{}\u00a0\u00bb][et_pb_column type=\u00a0\u00bb4_4&Prime; _builder_version=\u00a0\u00bb4.16&Prime; _module_preset=\u00a0\u00bbdefault\u00a0\u00bb global_colors_info=\u00a0\u00bb{}\u00a0\u00bb][et_pb_text _builder_version=\u00a0\u00bb4.17.0&Prime; _module_preset=\u00a0\u00bbdefault\u00a0\u00bb header_font=\u00a0\u00bb||||||||\u00a0\u00bb header_text_align=\u00a0\u00bbcenter\u00a0\u00bb header_text_color=\u00a0\u00bb#FFFFFF\u00a0\u00bb header_font_size=\u00a0\u00bb50px\u00a0\u00bb header_2_font=\u00a0\u00bb|600|||||||\u00a0\u00bb header_3_font_size=\u00a0\u00bb18px\u00a0\u00bb custom_margin=\u00a0\u00bb-14px|||||\u00a0\u00bb custom_padding=\u00a0\u00bb||0px|||\u00a0\u00bb text_text_shadow_style=\u00a0\u00bbpreset2&Prime; text_text_shadow_horizontal_length=\u00a0\u00bb0.2em\u00a0\u00bb text_text_shadow_color=\u00a0\u00bb#000000&Prime; global_colors_info=\u00a0\u00bb{}\u00a0\u00bb]<\/p>\n<h1><\/h1>\n<h1 style=\"text-align: center;\">La M\u00e9diation Familiale<\/h1>\n<p>[\/et_pb_text][\/et_pb_column][\/et_pb_row][\/et_pb_section][et_pb_section fb_built=\u00a0\u00bb1&Prime; _builder_version=\u00a0\u00bb4.21.0&Prime; _module_preset=\u00a0\u00bbdefault\u00a0\u00bb custom_padding=\u00a0\u00bb0px||0px|||\u00a0\u00bb global_colors_info=\u00a0\u00bb{}\u00a0\u00bb][et_pb_row _builder_version=\u00a0\u00bb4.22.1&Prime; _module_preset=\u00a0\u00bbdefault\u00a0\u00bb global_colors_info=\u00a0\u00bb{}\u00a0\u00bb][et_pb_column type=\u00a0\u00bb4_4&Prime; _builder_version=\u00a0\u00bb4.22.1&Prime; _module_preset=\u00a0\u00bbdefault\u00a0\u00bb global_colors_info=\u00a0\u00bb{}\u00a0\u00bb][et_pb_text _builder_version=\u00a0\u00bb4.22.1&Prime; _module_preset=\u00a0\u00bbdefault\u00a0\u00bb custom_padding=\u00a0\u00bb||||false|false\u00a0\u00bb hover_enabled=\u00a0\u00bb0&Prime; global_colors_info=\u00a0\u00bb{}\u00a0\u00bb sticky_enabled=\u00a0\u00bb0&Prime;]<\/p>\n<p><span style=\"color: #0084d1;\"><span style=\"font-size: large;\">Qu&rsquo;est-ce que la m\u00e9diation familiale\u00a0?<\/span><\/span><\/p>\n<p align=\"JUSTIFY\" style=\"margin-top: 0.32cm; margin-bottom: 0.32cm; line-height: 150%;\"><span style=\"color: #212120;\">La m\u00e9diation familiale est un temps d\u2019\u00e9coute, d\u2019\u00e9changes et de n\u00e9gociation qui permet d\u2019aborder les probl\u00e8mes li\u00e9s \u00e0 un conflit familial et de prendre en compte les besoins de chacun. <\/span><span style=\"color: #212120;\"> Elle s\u2019appuie sur les comp\u00e9tences des personnes pour qu&rsquo;elles trouvent<\/span><span style=\"color: #212120;\">, elles-m\u00eames, les solutions au conflit qui les oppose.<\/span><span style=\"color: #212120;\"><\/span><\/p>\n<p align=\"JUSTIFY\" style=\"margin-top: 0.32cm; margin-bottom: 0.32cm; line-height: 150%;\"><span style=\"color: #212120;\">Dans quels cas avoir recours \u00e0 la m\u00e9diation familiale\u00a0?<\/span><\/p>\n<p><span style=\"color: #0084d1;\"><span style=\"font-size: large;\"><img loading=\"lazy\" decoding=\"async\" src=\"https:\/\/www.mediation06.fr\/wp-content\/uploads\/2023\/07\/angry-young-couple-sitting-back-back-home-1024x683.jpg\" width=\"488\" height=\"326\" alt=\"\" class=\"wp-image-233 alignnone size-large\" style=\"float: right;\" \/><\/span><\/span><span style=\"color: #212120;\">Le champ d\u2019intervention de la m\u00e9diation familiale est large et reste un levier essentiel pour pr\u00e9venir toute d\u00e9gradation des relations dans la famille\u00a0:<\/span><\/p>\n<p align=\"JUSTIFY\" style=\"margin-bottom: 0cm; line-height: 150%;\"><span style=\"color: #212120;\">\u2713 <\/span><span style=\"color: #212120;\">Un divorce ou une s\u00e9paration,<\/span><\/p>\n<p align=\"JUSTIFY\" style=\"margin-bottom: 0cm; line-height: 150%;\"><span style=\"color: #212120;\">\u2713 <\/span><span style=\"color: #212120;\">Une recomposition familiale,<\/span><\/p>\n<p align=\"JUSTIFY\" style=\"margin-bottom: 0cm; line-height: 150%;\"><span style=\"color: #212120;\">\u2713 <\/span><span style=\"color: #212120;\">U<\/span><span style=\"color: #212120;\">n conflit parental autour de l\u2019exercice de l\u2019autorit\u00e9 parentale et\/ou des droits de\u00a0 visite <\/span><span style=\"color: #212120;\">et <\/span><span style=\"color: #212120;\">d\u2019h\u00e9bergement,<\/span><\/p>\n<p align=\"JUSTIFY\" style=\"margin-bottom: 0cm; line-height: 150%;\"><span style=\"color: #212120;\">\u2713 <\/span><span style=\"color: #212120;\">Un conflit familial autour du maintien des liens entre grands-parents et <\/span><span style=\"color: #212120;\">petits-\u00a0 enfants,<\/span><\/p>\n<p align=\"JUSTIFY\" style=\"margin-bottom: 0cm; line-height: 150%;\"><span style=\"color: #212120;\">\u2713 <\/span><span style=\"color: #212120;\">Un conflit familial entre parents et adolescents,<\/span><\/p>\n<p align=\"JUSTIFY\" style=\"margin-bottom: 0cm; line-height: 150%;\"><span style=\"color: #000000;\"><span style=\"color: #212120;\">\u2713 <\/span>Un conflit familiale li\u00e9 \u00e0 une succession conflictuelle.<\/span><\/p>\n<p align=\"JUSTIFY\" style=\"margin-bottom: 0cm; line-height: 150%;\"><span style=\"color: #000000;\"><\/span><\/p>\n<p style=\"margin-top: 0.32cm; margin-bottom: 0.32cm;\"><span style=\"color: #0084d1;\"><span style=\"font-size: large;\">Qui est le m\u00e9diateur\u00a0?<\/span><\/span><\/p>\n<p align=\"JUSTIFY\" style=\"margin-top: 0.32cm; margin-bottom: 0.32cm; line-height: 150%;\"><span style=\"color: #23292f;\"><img loading=\"lazy\" decoding=\"async\" src=\"https:\/\/www.mediation06.fr\/wp-content\/uploads\/2023\/07\/mature-mother-asking-forgiveness-from-adult-daughter-1-300x268.jpg\" width=\"347\" height=\"310\" alt=\"\" class=\"wp-image-241 alignleft size-medium\" \/>Le m\u00e9diateur est un professionnel qualifi\u00e9 et reconnu. De par sa formation, il a des comp\u00e9tences en psychologie, en droit, et a \u00e9t\u00e9 form\u00e9 \u00e0 l\u2019\u00e9coute et \u00e0 la n\u00e9gociation. Il respecte des principes d\u00e9ontologiques et observe une stricte confidentialit\u00e9. Il ne prend parti pour personne et ne porte pas de jugement. Son r\u00f4le<\/span><span style=\"color: #212120;\">, en tant que tiers impartial, est de chercher \u00e0 r\u00e9tablir la communication entre les personnes et \u00e0 cr\u00e9er un climat de confiance propice \u00e0 la recherche <\/span><span style=\"color: #212120;\">d\u2019accords.<\/span><\/p>\n<p align=\"JUSTIFY\" style=\"margin-top: 0.32cm; margin-bottom: 0.32cm; line-height: 150%;\"><span style=\"color: #23292f;\">Une personne qualifi\u00e9e\u00a0: Le m\u00e9diateur est titulaire du dipl\u00f4me de m\u00e9diateur familial. Il participe r\u00e9guli\u00e8rement et obligatoirement \u00e0 des s\u00e9ances collectives d\u2019analyse de la pratique, ce qui lui permet de proc\u00e9der \u00e0 une r\u00e9flexion sur les conditions d\u2019exercice son activit\u00e9.<\/span><\/p>\n<p style=\"margin-top: 0.32cm; margin-bottom: 0.32cm; line-height: 150%; widows: 2; orphans: 2;\"><span style=\"color: #23292f;\">Le respect des principes d\u00e9ontologiques\u00a0:<\/span><\/p>\n<p align=\"JUSTIFY\" style=\"margin-top: 0.32cm; margin-bottom: 0.32cm; line-height: 150%; widows: 2; orphans: 2;\"><strong><span style=\"color: #23292f;\"><span style=\"font-weight: normal;\">La garantie du consentement\u00a0: <\/span><\/span><\/strong><span style=\"color: #23292f;\">Le m\u00e9diateur recueille le consentement des personnes. Celui-ci doit \u00eatre libre et \u00e9clair\u00e9.<\/span><\/p>\n<p align=\"JUSTIFY\" style=\"margin-top: 0.32cm; margin-bottom: 0.32cm; line-height: 150%; widows: 2; orphans: 2;\"><strong><span style=\"color: #000000;\"><span style=\"font-weight: normal;\">L\u2019impartialit\u00e9 : <\/span><\/span><\/strong><span style=\"color: #000000;\">Le m\u00e9diateur familial refuse d\u2019intervenir dans une m\u00e9diation impliquant des personnes avec lesquelles il entretient des liens personnels.<\/span><\/p>\n<p align=\"JUSTIFY\" style=\"margin-top: 0.32cm; margin-bottom: 0.32cm; line-height: 150%; widows: 2; orphans: 2;\"><strong><span style=\"color: #23292f;\"><span style=\"font-weight: normal;\">La confidentialit\u00e9\u00a0: <\/span><\/span><\/strong><span style=\"color: #23292f;\">Sous r\u00e9serve des dispositions de la loi, le m\u00e9diateur ne peut ni divulguer, ni transmettre \u00e0 quiconque le contenu des entretiens ou toute information recueillie dans le cadre de la m\u00e9diation. Au terme de la m\u00e9diation, les accords conclus par les personnes peuvent faire l\u2019objet d\u2019un document \u00e9crit et sign\u00e9 par elles seules. Ce document, r\u00e9dig\u00e9 par le m\u00e9diateur, est \u00e0 l\u2019usage exclusif des personnes.<\/span><\/p>\n<p style=\"margin-top: 0.32cm; margin-bottom: 0.32cm;\"><strong><span style=\"color: #0084d1;\"><span style=\"font-size: large;\"><span style=\"font-weight: normal;\">Quel est son co\u00fbt ?<\/span><\/span><\/span><\/strong><\/p>\n<p style=\"margin-bottom: 0.5cm; line-height: 150%; widows: 2; orphans: 2;\"><span style=\"color: #2a2f30;\">L\u2019entretien d\u2019information est gratuit.<br \/>Une participation financi\u00e8re est, en revanche, demand\u00e9e pour les s\u00e9ances de m\u00e9diation familiale. Cette participation est individuelle et varie en fonction des revenus de chaque participant, selon un bar\u00e8me tarifaire \u00e9tabli par la Caisse d&rsquo;Allocations Familiales.<\/span><\/p>\n<p>[\/et_pb_text][\/et_pb_column][\/et_pb_row][\/et_pb_section]<\/p>\n","protected":false},"excerpt":{"rendered":"<p>La M\u00e9diation FamilialeQu&rsquo;est-ce que la m\u00e9diation familiale\u00a0? La m\u00e9diation familiale est un temps d\u2019\u00e9coute, d\u2019\u00e9changes et de n\u00e9gociation qui permet d\u2019aborder les probl\u00e8mes li\u00e9s \u00e0 un conflit familial et de prendre en compte les besoins de chacun. Elle s\u2019appuie sur les comp\u00e9tences des personnes pour qu&rsquo;elles trouvent, elles-m\u00eames, les solutions au conflit qui les oppose. [&hellip;]<\/p>\n","protected":false},"author":1,"featured_media":0,"parent":0,"menu_order":2,"comment_status":"closed","ping_status":"closed","template":"","meta":{"_et_pb_use_builder":"on","_et_pb_old_content":"","_et_gb_content_width":"","ngg_post_thumbnail":0,"footnotes":""},"class_list":["post-18","page","type-page","status-publish","hentry"],"aioseo_notices":[],"_links":{"self":[{"href":"https:\/\/www.mediation06.fr\/index.php?rest_route=\/wp\/v2\/pages\/18","targetHints":{"allow":["GET"]}}],"collection":[{"href":"https:\/\/www.mediation06.fr\/index.php?rest_route=\/wp\/v2\/pages"}],"about":[{"href":"https:\/\/www.mediation06.fr\/index.php?rest_route=\/wp\/v2\/types\/page"}],"author":[{"embeddable":true,"href":"https:\/\/www.mediation06.fr\/index.php?rest_route=\/wp\/v2\/users\/1"}],"replies":[{"embeddable":true,"href":"https:\/\/www.mediation06.fr\/index.php?rest_route=%2Fwp%2Fv2%2Fcomments&post=18"}],"version-history":[{"count":16,"href":"https:\/\/www.mediation06.fr\/index.php?rest_route=\/wp\/v2\/pages\/18\/revisions"}],"predecessor-version":[{"id":466,"href":"https:\/\/www.mediation06.fr\/index.php?rest_route=\/wp\/v2\/pages\/18\/revisions\/466"}],"wp:attachment":[{"href":"https:\/\/www.mediation06.fr\/index.php?rest_route=%2Fwp%2Fv2%2Fmedia&parent=18"}],"curies":[{"name":"wp","href":"https:\/\/api.w.org\/{rel}","templated":true}]}}